{"version":"1.0","provider_name":"roomlybox","provider_url":"https:\/\/roomlybox.cafeblog.hu","author_name":"Kriszti, a szobasz\u00e9p\u00edt\u0151","author_url":"https:\/\/roomlybox.cafeblog.hu\/author\/roomlybox\/","title":"Szenved\u00e9ly 21 n\u00e9gyzetm\u00e9teren","html":"<p>Egy egyed\u00fcl\u00e1ll\u00f3 v\u00e1rosi lak\u00e1s Madridban, ami mind\u00f6ssze 21 m\u00b2. \u00c9rdekess\u00e9ge viszont, ami a projekt nev\u00e9t is adja: 100 m\u00b3. Vagyis a kis alapter\u00fclethez egy hatalmas belmagass\u00e1g tartozik, ami lehet\u0151v\u00e9 tette, hogy a teret f\u00fcgg\u0151leges ir\u00e1nyban ossz\u00e1k fel. A terek vizu\u00e1lisan kapcsol\u00f3dnak egym\u00e1shoz, t\u00f6k\u00e9letes \u00f6sszhangot teremtve a funkci\u00f3k k\u00f6z\u00f6tt.<\/p>\r\n<p>Fantasztikus \u00e9rz\u00e9s lehet ebben a lak\u00e1sban k\u00f6zlekedni a szintek k\u00f6z\u00f6tt. Persze csakis fiatal korban \u00e9s eg\u00e9szs\u00e9ges l\u00e1bakkal aj\u00e1nlott egy ilyen lak\u00e1sban lakni, miut\u00e1n napi szinten el\u00e9g sok l\u00e9pcs\u0151t kell megm\u00e1szni. Viszont edz\u00e9snek sem utols\u00f3, \u00e9s m\u00e1r meg is sp\u00f3roltuk az edz\u0151terem b\u00e9rleti d\u00edj\u00e1t.<\/p>\r\n<h1><span style=\"color: #33cccc\">Na, Te lakn\u00e1l benne?<\/span><\/h1>\r\n<p><img class=\"aligncenter wp-image-6983 size-full\" src=\"https:\/\/roomlybox.cafeblog.hu\/files\/2015\/01\/panel2.jpg\" alt=\"panel2\" width=\"600\" height=\"893\" \/><\/p>\r\n<p>&nbsp;<\/p>\r\n<p><img class=\"aligncenter wp-image-6984 size-full\" src=\"https:\/\/roomlybox.cafeblog.hu\/files\/2015\/01\/panel3.jpg\" alt=\"panel3\" width=\"600\" height=\"903\" \/><\/p>\r\n<p>&nbsp;<\/p>\r\n<p><img class=\"aligncenter wp-image-6985 size-full\" src=\"https:\/\/roomlybox.cafeblog.hu\/files\/2015\/01\/panel4.jpg\" alt=\"panel4\" width=\"600\" height=\"899\" \/><\/p>\r\n<p>&nbsp;<\/p>\r\n<p><img class=\"aligncenter wp-image-6986 size-full\" src=\"https:\/\/roomlybox.cafeblog.hu\/files\/2015\/01\/panel5.jpg\" alt=\"panel5\" width=\"600\" height=\"911\" \/><\/p>\r\n<p>&nbsp;<\/p>\r\n<p><img class=\"aligncenter wp-image-6987 size-full\" src=\"https:\/\/roomlybox.cafeblog.hu\/files\/2015\/01\/panel6.jpg\" alt=\"panel6\" width=\"600\" height=\"909\" \/><\/p>\r\n<p>&nbsp;<\/p>\r\n<p style=\"text-align: center\"><img class=\"aligncenter wp-image-6982 size-full\" src=\"https:\/\/roomlybox.cafeblog.hu\/files\/2015\/01\/panel1.png\" alt=\"panel1\" width=\"600\" height=\"424\" \/><\/p>\r\n<p style=\"text-align: center\"><a href=\"http:\/\/www.interiorholic.com\/home-designs\/small-apartments\/21-square-meter-apartment-by-mycc-architecture-office\/\" target=\"_blank\">forr\u00e1s<\/a><\/p>\r\n<p>&nbsp;<\/p>","type":"rich","thumbnail_url":"https:\/\/roomlybox.cafeblog.hu\/files\/2015\/01\/panel3-150x150.jpg","thumbnail_width":150,"thumbnail_height":150}