{"version":"1.0","provider_name":"roomlybox","provider_url":"https:\/\/roomlybox.cafeblog.hu","author_name":"Kriszti, a szobasz\u00e9p\u00edt\u0151","author_url":"https:\/\/roomlybox.cafeblog.hu\/author\/roomlybox\/","title":"Konyh\u00e1k a teraszon","html":"<p>B\u00e1r ebben a melegben m\u00e9g a kerti grillpartikat is lecser\u00e9ln\u00e9m egy hideg medenc\u00e9re, az\u00e9rt vannak azok a ny\u00e1rest\u00e9k, amikor sz\u00edvesen elt\u00f6lten\u00e9m az id\u0151met ezekben a kerti konyh\u00e1kban.<\/p>\r\n<p>Amik nem is annyira a kertben, mint ink\u00e1bb a teraszon, verand\u00e1n, gangon... kinek hogy tetszik - \u00e9p\u00fcltek.<\/p>\r\n<p>Csak egy kis inspir\u00e1ci\u00f3, hogy a h\u0171v\u00f6sebb napokon, amikor a di\u00f3fa alatt \u00fcld\u00f6g\u00e9lsz \u00e9ppen, legyen mit megcsin\u00e1lnod...<\/p>\r\n<h1><span style=\"color: #33cccc\">V\u00e1logass magadnak!<\/span><\/h1>\r\n<p><img class=\"aligncenter wp-image-8819 size-full\" src=\"https:\/\/roomlybox.cafeblog.hu\/files\/2015\/07\/kerti-konyha11.jpg\" alt=\"kerti konyha11\" width=\"600\" height=\"399\" \/><\/p>\r\n<p><img class=\"aligncenter wp-image-8820 size-full\" src=\"https:\/\/roomlybox.cafeblog.hu\/files\/2015\/07\/kerti-konyha1.jpg\" alt=\"kerti konyha1\" width=\"600\" height=\"400\" \/><\/p>\r\n<p><img class=\"aligncenter wp-image-8821 size-full\" src=\"https:\/\/roomlybox.cafeblog.hu\/files\/2015\/07\/kerti-konyha2.jpg\" alt=\"kerti konyha2\" width=\"600\" height=\"563\" \/><\/p>\r\n<p><img class=\"aligncenter wp-image-8822 size-full\" src=\"https:\/\/roomlybox.cafeblog.hu\/files\/2015\/07\/kerti-konyha3.jpg\" alt=\"kerti konyha3\" width=\"600\" height=\"480\" \/><\/p>\r\n<p><img class=\"aligncenter wp-image-8823 size-full\" src=\"https:\/\/roomlybox.cafeblog.hu\/files\/2015\/07\/kerti-konyha4.jpg\" alt=\"kerti konyha4\" width=\"600\" height=\"432\" \/><\/p>\r\n<p><img class=\"aligncenter wp-image-8824 size-full\" src=\"https:\/\/roomlybox.cafeblog.hu\/files\/2015\/07\/kerti-konyha5.jpg\" alt=\"kerti konyha5\" width=\"400\" height=\"563\" \/><\/p>\r\n<p><img class=\"aligncenter wp-image-8825 size-full\" src=\"https:\/\/roomlybox.cafeblog.hu\/files\/2015\/07\/kerti-konyha6.jpg\" alt=\"kerti konyha6\" width=\"600\" height=\"400\" \/><\/p>\r\n<p><img class=\"aligncenter wp-image-8826 size-full\" src=\"https:\/\/roomlybox.cafeblog.hu\/files\/2015\/07\/kerti-konyha7.jpg\" alt=\"kerti konyha7\" width=\"600\" height=\"400\" \/><\/p>\r\n<p><img class=\"aligncenter wp-image-8827 size-full\" src=\"https:\/\/roomlybox.cafeblog.hu\/files\/2015\/07\/kerti-konyha8.jpg\" alt=\"kerti konyha8\" width=\"600\" height=\"399\" \/><\/p>\r\n<p class=\"aligncenter\"><img class=\"aligncenter wp-image-8828 size-full\" src=\"https:\/\/roomlybox.cafeblog.hu\/files\/2015\/07\/kerti-konyha9.jpg\" alt=\"kerti konyha9\" width=\"600\" height=\"440\" \/><\/p>\r\n<p class=\"aligncenter\"><img class=\"aligncenter wp-image-8829 size-full\" src=\"https:\/\/roomlybox.cafeblog.hu\/files\/2015\/07\/kerti-konyha10.jpg\" alt=\"kerti konyha10\" width=\"600\" height=\"411\" \/><\/p>\r\n<p class=\"aligncenter\" style=\"text-align: center\"><a href=\"http:\/\/www.kitchens.com\/\" target=\"_blank\">forr\u00e1s<\/a><\/p>","type":"rich","thumbnail_url":"https:\/\/roomlybox.cafeblog.hu\/files\/2015\/07\/kerti-konyha1-150x150.jpg","thumbnail_width":150,"thumbnail_height":150}